{"id":886,"date":"2025-04-04T11:41:52","date_gmt":"2025-04-04T09:41:52","guid":{"rendered":"https:\/\/www.dascavives.com\/la-finca\/"},"modified":"2025-04-24T07:46:23","modified_gmt":"2025-04-24T05:46:23","slug":"la-finca","status":"publish","type":"page","link":"https:\/\/www.dascavives.com\/es\/la-finca\/","title":{"rendered":"Finca biodin\u00e1mica"},"content":{"rendered":"\t\t<div data-elementor-type=\"wp-page\" data-elementor-id=\"886\" class=\"elementor elementor-886 elementor-218\">\n\t\t\t\t<div class=\"elementor-element elementor-element-ddc2a74 e-flex e-con-boxed e-con e-parent\" data-id=\"ddc2a74\" data-element_type=\"container\" data-e-type=\"container\">\n\t\t\t\t\t<div class=\"e-con-inner\">\n\t\t<div class=\"elementor-element elementor-element-06c8fe9 e-con-full e-flex e-con e-child\" data-id=\"06c8fe9\" data-element_type=\"container\" data-e-type=\"container\">\n\t\t\t\t<div class=\"elementor-element elementor-element-2059d30 elementor-pagination-position-inside elementor-arrows-position-inside elementor-widget elementor-widget-image-carousel\" data-id=\"2059d30\" data-element_type=\"widget\" data-e-type=\"widget\" data-settings=\"{&quot;slides_to_show&quot;:&quot;1&quot;,&quot;navigation&quot;:&quot;both&quot;,&quot;autoplay&quot;:&quot;yes&quot;,&quot;pause_on_hover&quot;:&quot;yes&quot;,&quot;pause_on_interaction&quot;:&quot;yes&quot;,&quot;autoplay_speed&quot;:5000,&quot;infinite&quot;:&quot;yes&quot;,&quot;effect&quot;:&quot;slide&quot;,&quot;speed&quot;:500}\" data-widget_type=\"image-carousel.default\">\n\t\t\t\t<div class=\"elementor-widget-container\">\n\t\t\t\t\t\t\t<div class=\"elementor-image-carousel-wrapper swiper\" role=\"region\" aria-roledescription=\"carousel\" aria-label=\"Carrusel d&#039;imatges\" dir=\"ltr\">\n\t\t\t<div class=\"elementor-image-carousel swiper-wrapper\" aria-live=\"off\">\n\t\t\t\t\t\t\t\t<div class=\"swiper-slide\" role=\"group\" aria-roledescription=\"slide\" aria-label=\"1 de 7\"><figure class=\"swiper-slide-inner\"><img decoding=\"async\" class=\"swiper-slide-image\" src=\"https:\/\/www.dascavives.com\/wp-content\/uploads\/2025\/04\/07-scaled.jpg\" alt=\"Agricultura biodin\u00e1mica y regenerativa\" \/><\/figure><\/div><div class=\"swiper-slide\" role=\"group\" aria-roledescription=\"slide\" aria-label=\"2 de 7\"><figure class=\"swiper-slide-inner\"><img decoding=\"async\" class=\"swiper-slide-image\" src=\"https:\/\/www.dascavives.com\/wp-content\/uploads\/2025\/04\/02-scaled-e1745310395403.jpg\" alt=\"Agricultura biodin\u00e1mica y regenerativa\" \/><\/figure><\/div><div class=\"swiper-slide\" role=\"group\" aria-roledescription=\"slide\" aria-label=\"3 de 7\"><figure class=\"swiper-slide-inner\"><img decoding=\"async\" class=\"swiper-slide-image\" src=\"https:\/\/www.dascavives.com\/wp-content\/uploads\/2025\/04\/03-e1745310417143.png\" alt=\"Agricultura biodin\u00e1mica y regenerativa\" \/><\/figure><\/div><div class=\"swiper-slide\" role=\"group\" aria-roledescription=\"slide\" aria-label=\"4 de 7\"><figure class=\"swiper-slide-inner\"><img decoding=\"async\" class=\"swiper-slide-image\" src=\"https:\/\/www.dascavives.com\/wp-content\/uploads\/2025\/04\/04-scaled.jpg\" alt=\"Agricultura biodin\u00e1mica y regenerativa\" \/><\/figure><\/div><div class=\"swiper-slide\" role=\"group\" aria-roledescription=\"slide\" aria-label=\"5 de 7\"><figure class=\"swiper-slide-inner\"><img decoding=\"async\" class=\"swiper-slide-image\" src=\"https:\/\/www.dascavives.com\/wp-content\/uploads\/2025\/04\/05-scaled-e1745310488566.jpg\" alt=\"Cosecha de aceitunas\" \/><\/figure><\/div><div class=\"swiper-slide\" role=\"group\" aria-roledescription=\"slide\" aria-label=\"6 de 7\"><figure class=\"swiper-slide-inner\"><img decoding=\"async\" class=\"swiper-slide-image\" src=\"https:\/\/www.dascavives.com\/wp-content\/uploads\/2025\/04\/06-scaled-e1745310511798.jpg\" alt=\"Agricultura biodin\u00e1mica y regenerativa\" \/><\/figure><\/div><div class=\"swiper-slide\" role=\"group\" aria-roledescription=\"slide\" aria-label=\"7 de 7\"><figure class=\"swiper-slide-inner\"><img decoding=\"async\" class=\"swiper-slide-image\" src=\"https:\/\/www.dascavives.com\/wp-content\/uploads\/2025\/04\/07-scaled.jpg\" alt=\"Agricultura biodin\u00e1mica y regenerativa\" \/><\/figure><\/div>\t\t\t<\/div>\n\t\t\t\t\t\t\t\t\t\t\t\t<div class=\"elementor-swiper-button elementor-swiper-button-prev\" role=\"button\" tabindex=\"0\">\n\t\t\t\t\t\t<svg aria-hidden=\"true\" class=\"e-font-icon-svg e-eicon-chevron-left\" viewBox=\"0 0 1000 1000\" xmlns=\"http:\/\/www.w3.org\/2000\/svg\"><path d=\"M646 125C629 125 613 133 604 142L308 442C296 454 292 471 292 487 292 504 296 521 308 533L604 854C617 867 629 875 646 875 663 875 679 871 692 858 704 846 713 829 713 812 713 796 708 779 692 767L438 487 692 225C700 217 708 204 708 187 708 171 704 154 692 142 675 129 663 125 646 125Z\"><\/path><\/svg>\t\t\t\t\t<\/div>\n\t\t\t\t\t<div class=\"elementor-swiper-button elementor-swiper-button-next\" role=\"button\" tabindex=\"0\">\n\t\t\t\t\t\t<svg aria-hidden=\"true\" class=\"e-font-icon-svg e-eicon-chevron-right\" viewBox=\"0 0 1000 1000\" xmlns=\"http:\/\/www.w3.org\/2000\/svg\"><path d=\"M696 533C708 521 713 504 713 487 713 471 708 454 696 446L400 146C388 133 375 125 354 125 338 125 325 129 313 142 300 154 292 171 292 187 292 204 296 221 308 233L563 492 304 771C292 783 288 800 288 817 288 833 296 850 308 863 321 871 338 875 354 875 371 875 388 867 400 854L696 533Z\"><\/path><\/svg>\t\t\t\t\t<\/div>\n\t\t\t\t\n\t\t\t\t\t\t\t\t\t<div class=\"swiper-pagination\"><\/div>\n\t\t\t\t\t\t\t\t\t<\/div>\n\t\t\t\t\t\t<\/div>\n\t\t\t\t<\/div>\n\t\t\t\t<\/div>\n\t\t<div class=\"elementor-element elementor-element-1760b27 e-con-full e-flex e-con e-child\" data-id=\"1760b27\" data-element_type=\"container\" data-e-type=\"container\">\n\t\t\t\t<div class=\"elementor-element elementor-element-c3e233f elementor-widget elementor-widget-heading\" data-id=\"c3e233f\" data-element_type=\"widget\" data-e-type=\"widget\" data-widget_type=\"heading.default\">\n\t\t\t\t<div class=\"elementor-widget-container\">\n\t\t\t\t\t<h1 class=\"elementor-heading-title elementor-size-default\">LA FINCA\n<\/h1>\t\t\t\t<\/div>\n\t\t\t\t<\/div>\n\t\t\t\t<div class=\"elementor-element elementor-element-b2f456c elementor-widget-divider--view-line elementor-widget elementor-widget-divider\" data-id=\"b2f456c\" data-element_type=\"widget\" data-e-type=\"widget\" data-widget_type=\"divider.default\">\n\t\t\t\t<div class=\"elementor-widget-container\">\n\t\t\t\t\t\t\t<div class=\"elementor-divider\">\n\t\t\t<span class=\"elementor-divider-separator\">\n\t\t\t\t\t\t<\/span>\n\t\t<\/div>\n\t\t\t\t\t\t<\/div>\n\t\t\t\t<\/div>\n\t\t\t\t<div class=\"elementor-element elementor-element-ecebdb3 elementor-widget elementor-widget-text-editor\" data-id=\"ecebdb3\" data-element_type=\"widget\" data-e-type=\"widget\" data-widget_type=\"text-editor.default\">\n\t\t\t\t<div class=\"elementor-widget-container\">\n\t\t\t\t\t\t\t\t\t<p>El <strong>Alt Camp<\/strong> es heredero de una sabia cultura agr\u00edcola y campesina, profundamente arraigada en el territorio, que todav\u00eda hoy mantiene su protagonismo en los paisajes de cultivos y m\u00e1rgenes de piedra seca. Esta tradici\u00f3n viva se refleja en cada rinc\u00f3n de nuestro trabajo y en la forma en que nos relacionamos con la tierra.<\/p><p>Trabajamos en seis fincas situadas alrededor de <strong>Valls<\/strong>, que suman un total de dieciocho hect\u00e1reas. Cultivamos de forma responsable y agroecol\u00f3gica, aplicando criterios biodin\u00e1micos tanto en los vi\u00f1edos como en las partidas de olivos, almendros, avellanos, algarrobos y cereales. Creemos en una agricultura respetuosa, que preserva la fertilidad del suelo y favorece la biodiversidad.<br>Para nosotros, el campesinado no es s\u00f3lo un oficio, sino una forma de vivir. Es una conexi\u00f3n profunda con la tierra y sus ciclos, forma de entender el mundo que va m\u00e1s all\u00e1 de la producci\u00f3n agr\u00edcola. Es tambi\u00e9n un compromiso firme con el entorno, con la diversidad natural y con la continuidad de un legado familiar que amamos y reivindicamos.<\/p><p>Con esta filosof\u00eda, recuperamos variedades tradicionales, fomentamos el equilibrio entre la naturaleza y la actividad humana y vivimos la tierra con respeto y pasi\u00f3n, porque s\u00f3lo as\u00ed podemos garantizar un futuro sostenible para las pr\u00f3ximas generaciones.<\/p>\t\t\t\t\t\t\t\t<\/div>\n\t\t\t\t<\/div>\n\t\t\t\t<\/div>\n\t\t\t\t\t<\/div>\n\t\t\t\t<\/div>\n\t\t<div class=\"elementor-element elementor-element-5fdef71 e-flex e-con-boxed e-con e-parent\" data-id=\"5fdef71\" data-element_type=\"container\" data-e-type=\"container\">\n\t\t\t\t\t<div class=\"e-con-inner\">\n\t\t<div class=\"elementor-element elementor-element-ac22579 e-con-full e-flex e-con e-child\" data-id=\"ac22579\" data-element_type=\"container\" data-e-type=\"container\">\n\t\t\t\t<div class=\"elementor-element elementor-element-febbd02 elementor-pagination-position-inside elementor-arrows-position-inside elementor-widget elementor-widget-image-carousel\" data-id=\"febbd02\" data-element_type=\"widget\" data-e-type=\"widget\" data-settings=\"{&quot;slides_to_show&quot;:&quot;1&quot;,&quot;navigation&quot;:&quot;both&quot;,&quot;autoplay&quot;:&quot;yes&quot;,&quot;pause_on_hover&quot;:&quot;yes&quot;,&quot;pause_on_interaction&quot;:&quot;yes&quot;,&quot;autoplay_speed&quot;:5000,&quot;infinite&quot;:&quot;yes&quot;,&quot;effect&quot;:&quot;slide&quot;,&quot;speed&quot;:500}\" data-widget_type=\"image-carousel.default\">\n\t\t\t\t<div class=\"elementor-widget-container\">\n\t\t\t\t\t\t\t<div class=\"elementor-image-carousel-wrapper swiper\" role=\"region\" aria-roledescription=\"carousel\" aria-label=\"Carrusel d&#039;imatges\" dir=\"ltr\">\n\t\t\t<div class=\"elementor-image-carousel swiper-wrapper\" aria-live=\"off\">\n\t\t\t\t\t\t\t\t<div class=\"swiper-slide\" role=\"group\" aria-roledescription=\"slide\" aria-label=\"1 de 5\"><figure class=\"swiper-slide-inner\"><img decoding=\"async\" class=\"swiper-slide-image\" src=\"https:\/\/www.dascavives.com\/wp-content\/uploads\/2025\/04\/05-4-e1745310638852.jpg\" alt=\"Agricultura biodin\u00e1mica y regenerativa\" \/><\/figure><\/div><div class=\"swiper-slide\" role=\"group\" aria-roledescription=\"slide\" aria-label=\"2 de 5\"><figure class=\"swiper-slide-inner\"><img decoding=\"async\" class=\"swiper-slide-image\" src=\"https:\/\/www.dascavives.com\/wp-content\/uploads\/2025\/04\/02-4-e1745310573874.jpg\" alt=\"Agricultura biodin\u00e1mica y regenerativa\" \/><\/figure><\/div><div class=\"swiper-slide\" role=\"group\" aria-roledescription=\"slide\" aria-label=\"3 de 5\"><figure class=\"swiper-slide-inner\"><img decoding=\"async\" class=\"swiper-slide-image\" src=\"https:\/\/www.dascavives.com\/wp-content\/uploads\/2025\/04\/03-3-scaled-e1745310600883.jpg\" alt=\"Agricultura biodin\u00e0mica i regenerativa\" \/><\/figure><\/div><div class=\"swiper-slide\" role=\"group\" aria-roledescription=\"slide\" aria-label=\"4 de 5\"><figure class=\"swiper-slide-inner\"><img decoding=\"async\" class=\"swiper-slide-image\" src=\"https:\/\/www.dascavives.com\/wp-content\/uploads\/2025\/04\/04-4-scaled-e1745310623392.jpg\" alt=\"Agricultura biodin\u00e1mica y regenerativa\" \/><\/figure><\/div><div class=\"swiper-slide\" role=\"group\" aria-roledescription=\"slide\" aria-label=\"5 de 5\"><figure class=\"swiper-slide-inner\"><img decoding=\"async\" class=\"swiper-slide-image\" src=\"https:\/\/www.dascavives.com\/wp-content\/uploads\/2025\/04\/05-4-e1745310638852.jpg\" alt=\"Agricultura biodin\u00e1mica y regenerativa\" \/><\/figure><\/div>\t\t\t<\/div>\n\t\t\t\t\t\t\t\t\t\t\t\t<div class=\"elementor-swiper-button elementor-swiper-button-prev\" role=\"button\" tabindex=\"0\">\n\t\t\t\t\t\t<svg aria-hidden=\"true\" class=\"e-font-icon-svg e-eicon-chevron-left\" viewBox=\"0 0 1000 1000\" xmlns=\"http:\/\/www.w3.org\/2000\/svg\"><path d=\"M646 125C629 125 613 133 604 142L308 442C296 454 292 471 292 487 292 504 296 521 308 533L604 854C617 867 629 875 646 875 663 875 679 871 692 858 704 846 713 829 713 812 713 796 708 779 692 767L438 487 692 225C700 217 708 204 708 187 708 171 704 154 692 142 675 129 663 125 646 125Z\"><\/path><\/svg>\t\t\t\t\t<\/div>\n\t\t\t\t\t<div class=\"elementor-swiper-button elementor-swiper-button-next\" role=\"button\" tabindex=\"0\">\n\t\t\t\t\t\t<svg aria-hidden=\"true\" class=\"e-font-icon-svg e-eicon-chevron-right\" viewBox=\"0 0 1000 1000\" xmlns=\"http:\/\/www.w3.org\/2000\/svg\"><path d=\"M696 533C708 521 713 504 713 487 713 471 708 454 696 446L400 146C388 133 375 125 354 125 338 125 325 129 313 142 300 154 292 171 292 187 292 204 296 221 308 233L563 492 304 771C292 783 288 800 288 817 288 833 296 850 308 863 321 871 338 875 354 875 371 875 388 867 400 854L696 533Z\"><\/path><\/svg>\t\t\t\t\t<\/div>\n\t\t\t\t\n\t\t\t\t\t\t\t\t\t<div class=\"swiper-pagination\"><\/div>\n\t\t\t\t\t\t\t\t\t<\/div>\n\t\t\t\t\t\t<\/div>\n\t\t\t\t<\/div>\n\t\t\t\t<\/div>\n\t\t<div class=\"elementor-element elementor-element-0835071 e-con-full e-flex e-con e-child\" data-id=\"0835071\" data-element_type=\"container\" data-e-type=\"container\">\n\t\t\t\t<div class=\"elementor-element elementor-element-6081c48 elementor-widget elementor-widget-heading\" data-id=\"6081c48\" data-element_type=\"widget\" data-e-type=\"widget\" data-widget_type=\"heading.default\">\n\t\t\t\t<div class=\"elementor-widget-container\">\n\t\t\t\t\t<h2 class=\"elementor-heading-title elementor-size-default\">AGRICULTURA BIODIN\u00c1MICA Y REGENERATIVA<\/h2>\t\t\t\t<\/div>\n\t\t\t\t<\/div>\n\t\t\t\t<div class=\"elementor-element elementor-element-258c789 elementor-widget-divider--view-line elementor-widget elementor-widget-divider\" data-id=\"258c789\" data-element_type=\"widget\" data-e-type=\"widget\" data-widget_type=\"divider.default\">\n\t\t\t\t<div class=\"elementor-widget-container\">\n\t\t\t\t\t\t\t<div class=\"elementor-divider\">\n\t\t\t<span class=\"elementor-divider-separator\">\n\t\t\t\t\t\t<\/span>\n\t\t<\/div>\n\t\t\t\t\t\t<\/div>\n\t\t\t\t<\/div>\n\t\t\t\t<div class=\"elementor-element elementor-element-abc7bbd elementor-widget elementor-widget-text-editor\" data-id=\"abc7bbd\" data-element_type=\"widget\" data-e-type=\"widget\" data-widget_type=\"text-editor.default\">\n\t\t\t\t<div class=\"elementor-widget-container\">\n\t\t\t\t\t\t\t\t\t<p>Apostamos por un modelo de producci\u00f3n agr\u00edcola que <strong>respeta los ciclos naturales<\/strong> y <strong>promueve la biodiversidad<\/strong>. A trav\u00e9s de la<strong>agricultura biodin\u00e1mica y regenerativa<\/strong>, no s\u00f3lo contribuimos a la salud del suelo, si no que tambi\u00e9n <strong>favorecemos el equilibrio del ecosistema y minimizamos el impacto ambiental<\/strong>. Esta filosof\u00eda refuerza nuestro compromiso con un futuro m\u00e1s sostenible, as\u00ed como un consumo m\u00e1s responsable y consciente.<\/p><p>Nos inspiramos en los principios establecidos por Rudolf Steiner, el a\u00f1o 1924, cuando propuso <strong>una agricultura en armon\u00eda con la naturaleza<\/strong>. En nuestra finca, trabajamos teniendo en cuenta no s\u00f3lo las plantas y animales, sino tambi\u00e9n los elementos fundamentales \u2013 la tierra, el agua, el aire y el fuego \u2013 y la influencia de los planetas que nos rodean. Cada d\u00eda, con pasi\u00f3n y dedicaci\u00f3n, vamos descubriendo nuevos aspectos y secretos que nos ofrece la naturaleza, profundizando en <strong>una relaci\u00f3n respetuosa e integradora con nuestro entorno<\/strong>.<\/p><p>Formamos parte de <strong>Terradin\u00e0mica<\/strong>, la asociaci\u00f3n de <strong>Productores Biodin\u00e1micos de Catalu\u00f1a<\/strong>.<\/p>\t\t\t\t\t\t\t\t<\/div>\n\t\t\t\t<\/div>\n\t\t\t\t<\/div>\n\t\t\t\t\t<\/div>\n\t\t\t\t<\/div>\n\t\t\t\t<\/div>\n\t\t","protected":false},"excerpt":{"rendered":"<p>LA FINCA El Alt Camp es heredero de una sabia cultura agr\u00edcola y campesina, profundamente arraigada en el territorio, que todav\u00eda hoy mantiene su protagonismo en los paisajes de cultivos y m\u00e1rgenes de piedra seca. Esta tradici\u00f3n viva se refleja en cada rinc\u00f3n de nuestro trabajo y en la forma en que nos relacionamos con [&hellip;]<\/p>\n","protected":false},"author":1,"featured_media":0,"parent":0,"menu_order":0,"comment_status":"closed","ping_status":"closed","template":"","meta":{"ocean_post_layout":"","ocean_both_sidebars_style":"","ocean_both_sidebars_content_width":0,"ocean_both_sidebars_sidebars_width":0,"ocean_sidebar":"","ocean_second_sidebar":"","ocean_disable_margins":"enable","ocean_add_body_class":"","ocean_shortcode_before_top_bar":"","ocean_shortcode_after_top_bar":"","ocean_shortcode_before_header":"","ocean_shortcode_after_header":"","ocean_has_shortcode":"","ocean_shortcode_after_title":"","ocean_shortcode_before_footer_widgets":"","ocean_shortcode_after_footer_widgets":"","ocean_shortcode_before_footer_bottom":"","ocean_shortcode_after_footer_bottom":"","ocean_display_top_bar":"default","ocean_display_header":"default","ocean_header_style":"","ocean_center_header_left_menu":"","ocean_custom_header_template":"","ocean_custom_logo":0,"ocean_custom_retina_logo":0,"ocean_custom_logo_max_width":0,"ocean_custom_logo_tablet_max_width":0,"ocean_custom_logo_mobile_max_width":0,"ocean_custom_logo_max_height":0,"ocean_custom_logo_tablet_max_height":0,"ocean_custom_logo_mobile_max_height":0,"ocean_header_custom_menu":"","ocean_menu_typo_font_family":"","ocean_menu_typo_font_subset":"","ocean_menu_typo_font_size":0,"ocean_menu_typo_font_size_tablet":0,"ocean_menu_typo_font_size_mobile":0,"ocean_menu_typo_font_size_unit":"px","ocean_menu_typo_font_weight":"","ocean_menu_typo_font_weight_tablet":"","ocean_menu_typo_font_weight_mobile":"","ocean_menu_typo_transform":"","ocean_menu_typo_transform_tablet":"","ocean_menu_typo_transform_mobile":"","ocean_menu_typo_line_height":0,"ocean_menu_typo_line_height_tablet":0,"ocean_menu_typo_line_height_mobile":0,"ocean_menu_typo_line_height_unit":"","ocean_menu_typo_spacing":0,"ocean_menu_typo_spacing_tablet":0,"ocean_menu_typo_spacing_mobile":0,"ocean_menu_typo_spacing_unit":"","ocean_menu_link_color":"","ocean_menu_link_color_hover":"","ocean_menu_link_color_active":"","ocean_menu_link_background":"","ocean_menu_link_hover_background":"","ocean_menu_link_active_background":"","ocean_menu_social_links_bg":"","ocean_menu_social_hover_links_bg":"","ocean_menu_social_links_color":"","ocean_menu_social_hover_links_color":"","ocean_disable_title":"default","ocean_disable_heading":"default","ocean_post_title":"","ocean_post_subheading":"","ocean_post_title_style":"","ocean_post_title_background_color":"","ocean_post_title_background":0,"ocean_post_title_bg_image_position":"","ocean_post_title_bg_image_attachment":"","ocean_post_title_bg_image_repeat":"","ocean_post_title_bg_image_size":"","ocean_post_title_height":0,"ocean_post_title_bg_overlay":0.5,"ocean_post_title_bg_overlay_color":"","ocean_disable_breadcrumbs":"default","ocean_breadcrumbs_color":"","ocean_breadcrumbs_separator_color":"","ocean_breadcrumbs_links_color":"","ocean_breadcrumbs_links_hover_color":"","ocean_display_footer_widgets":"default","ocean_display_footer_bottom":"default","ocean_custom_footer_template":"","footnotes":""},"class_list":["post-886","page","type-page","status-publish","hentry","entry","owp-thumbs-layout-horizontal","owp-btn-normal","owp-tabs-layout-horizontal","has-no-thumbnails"],"yoast_head":"<!-- This site is optimized with the Yoast SEO plugin v27.5 - https:\/\/yoast.com\/product\/yoast-seo-wordpress\/ -->\n<title>Finca biodin\u00e1mica - Dasca Vives - Agricultura ecol\u00f2gica<\/title>\n<meta name=\"robots\" content=\"index, follow, max-snippet:-1, max-image-preview:large, max-video-preview:-1\" \/>\n<link rel=\"canonical\" href=\"https:\/\/www.dascavives.com\/es\/la-finca\/\" \/>\n<meta property=\"og:locale\" content=\"es_ES\" \/>\n<meta property=\"og:type\" content=\"article\" \/>\n<meta property=\"og:title\" content=\"Finca biodin\u00e1mica - Dasca Vives - Agricultura ecol\u00f2gica\" \/>\n<meta property=\"og:description\" content=\"LA FINCA El Alt Camp es heredero de una sabia cultura agr\u00edcola y campesina, profundamente arraigada en el territorio, que todav\u00eda hoy mantiene su protagonismo en los paisajes de cultivos y m\u00e1rgenes de piedra seca. Esta tradici\u00f3n viva se refleja en cada rinc\u00f3n de nuestro trabajo y en la forma en que nos relacionamos con [&hellip;]\" \/>\n<meta property=\"og:url\" content=\"https:\/\/www.dascavives.com\/es\/la-finca\/\" \/>\n<meta property=\"og:site_name\" content=\"Dasca Vives - Agricultura ecol\u00f2gica\" \/>\n<meta property=\"article:modified_time\" content=\"2025-04-24T05:46:23+00:00\" \/>\n<meta property=\"og:image\" content=\"https:\/\/www.dascavives.com\/wp-content\/uploads\/2025\/04\/07-scaled.jpg\" \/>\n<meta name=\"twitter:card\" content=\"summary_large_image\" \/>\n<meta name=\"twitter:label1\" content=\"Tiempo de lectura\" \/>\n\t<meta name=\"twitter:data1\" content=\"2 minutos\" \/>\n<script type=\"application\/ld+json\" class=\"yoast-schema-graph\">{\"@context\":\"https:\\\/\\\/schema.org\",\"@graph\":[{\"@type\":\"WebPage\",\"@id\":\"https:\\\/\\\/www.dascavives.com\\\/es\\\/la-finca\\\/\",\"url\":\"https:\\\/\\\/www.dascavives.com\\\/es\\\/la-finca\\\/\",\"name\":\"Finca biodin\u00e1mica - Dasca Vives - Agricultura ecol\u00f2gica\",\"isPartOf\":{\"@id\":\"https:\\\/\\\/www.dascavives.com\\\/es\\\/#website\"},\"primaryImageOfPage\":{\"@id\":\"https:\\\/\\\/www.dascavives.com\\\/es\\\/la-finca\\\/#primaryimage\"},\"image\":{\"@id\":\"https:\\\/\\\/www.dascavives.com\\\/es\\\/la-finca\\\/#primaryimage\"},\"thumbnailUrl\":\"https:\\\/\\\/www.dascavives.com\\\/wp-content\\\/uploads\\\/2025\\\/04\\\/07-scaled.jpg\",\"datePublished\":\"2025-04-04T09:41:52+00:00\",\"dateModified\":\"2025-04-24T05:46:23+00:00\",\"breadcrumb\":{\"@id\":\"https:\\\/\\\/www.dascavives.com\\\/es\\\/la-finca\\\/#breadcrumb\"},\"inLanguage\":\"es\",\"potentialAction\":[{\"@type\":\"ReadAction\",\"target\":[\"https:\\\/\\\/www.dascavives.com\\\/es\\\/la-finca\\\/\"]}]},{\"@type\":\"ImageObject\",\"inLanguage\":\"es\",\"@id\":\"https:\\\/\\\/www.dascavives.com\\\/es\\\/la-finca\\\/#primaryimage\",\"url\":\"https:\\\/\\\/www.dascavives.com\\\/wp-content\\\/uploads\\\/2025\\\/04\\\/07-scaled.jpg\",\"contentUrl\":\"https:\\\/\\\/www.dascavives.com\\\/wp-content\\\/uploads\\\/2025\\\/04\\\/07-scaled.jpg\"},{\"@type\":\"BreadcrumbList\",\"@id\":\"https:\\\/\\\/www.dascavives.com\\\/es\\\/la-finca\\\/#breadcrumb\",\"itemListElement\":[{\"@type\":\"ListItem\",\"position\":1,\"name\":\"Inici\",\"item\":\"https:\\\/\\\/www.dascavives.com\\\/es\\\/\"},{\"@type\":\"ListItem\",\"position\":2,\"name\":\"Finca biodin\u00e1mica\"}]},{\"@type\":\"WebSite\",\"@id\":\"https:\\\/\\\/www.dascavives.com\\\/es\\\/#website\",\"url\":\"https:\\\/\\\/www.dascavives.com\\\/es\\\/\",\"name\":\"Dasca Vives - Agricultura ecol\u00f2gica\",\"description\":\"Celler Dasca Vives. Agricultura ecol\u00f2gica.\",\"publisher\":{\"@id\":\"https:\\\/\\\/www.dascavives.com\\\/es\\\/#organization\"},\"potentialAction\":[{\"@type\":\"SearchAction\",\"target\":{\"@type\":\"EntryPoint\",\"urlTemplate\":\"https:\\\/\\\/www.dascavives.com\\\/es\\\/?s={search_term_string}\"},\"query-input\":{\"@type\":\"PropertyValueSpecification\",\"valueRequired\":true,\"valueName\":\"search_term_string\"}}],\"inLanguage\":\"es\"},{\"@type\":\"Organization\",\"@id\":\"https:\\\/\\\/www.dascavives.com\\\/es\\\/#organization\",\"name\":\"Dasca Vives - Agricultura ecol\u00f2gica\",\"url\":\"https:\\\/\\\/www.dascavives.com\\\/es\\\/\",\"logo\":{\"@type\":\"ImageObject\",\"inLanguage\":\"es\",\"@id\":\"https:\\\/\\\/www.dascavives.com\\\/es\\\/#\\\/schema\\\/logo\\\/image\\\/\",\"url\":\"https:\\\/\\\/www.dascavives.com\\\/wp-content\\\/uploads\\\/2025\\\/04\\\/dasca-vives-logo-web.png\",\"contentUrl\":\"https:\\\/\\\/www.dascavives.com\\\/wp-content\\\/uploads\\\/2025\\\/04\\\/dasca-vives-logo-web.png\",\"width\":300,\"height\":91,\"caption\":\"Dasca Vives - Agricultura ecol\u00f2gica\"},\"image\":{\"@id\":\"https:\\\/\\\/www.dascavives.com\\\/es\\\/#\\\/schema\\\/logo\\\/image\\\/\"},\"sameAs\":[\"https:\\\/\\\/www.instagram.com\\\/dascavives\\\/\"]}]}<\/script>\n<!-- \/ Yoast SEO plugin. -->","yoast_head_json":{"title":"Finca biodin\u00e1mica - Dasca Vives - Agricultura ecol\u00f2gica","robots":{"index":"index","follow":"follow","max-snippet":"max-snippet:-1","max-image-preview":"max-image-preview:large","max-video-preview":"max-video-preview:-1"},"canonical":"https:\/\/www.dascavives.com\/es\/la-finca\/","og_locale":"es_ES","og_type":"article","og_title":"Finca biodin\u00e1mica - Dasca Vives - Agricultura ecol\u00f2gica","og_description":"LA FINCA El Alt Camp es heredero de una sabia cultura agr\u00edcola y campesina, profundamente arraigada en el territorio, que todav\u00eda hoy mantiene su protagonismo en los paisajes de cultivos y m\u00e1rgenes de piedra seca. Esta tradici\u00f3n viva se refleja en cada rinc\u00f3n de nuestro trabajo y en la forma en que nos relacionamos con [&hellip;]","og_url":"https:\/\/www.dascavives.com\/es\/la-finca\/","og_site_name":"Dasca Vives - Agricultura ecol\u00f2gica","article_modified_time":"2025-04-24T05:46:23+00:00","og_image":[{"url":"https:\/\/www.dascavives.com\/wp-content\/uploads\/2025\/04\/07-scaled.jpg","type":"","width":"","height":""}],"twitter_card":"summary_large_image","twitter_misc":{"Tiempo de lectura":"2 minutos"},"schema":{"@context":"https:\/\/schema.org","@graph":[{"@type":"WebPage","@id":"https:\/\/www.dascavives.com\/es\/la-finca\/","url":"https:\/\/www.dascavives.com\/es\/la-finca\/","name":"Finca biodin\u00e1mica - Dasca Vives - Agricultura ecol\u00f2gica","isPartOf":{"@id":"https:\/\/www.dascavives.com\/es\/#website"},"primaryImageOfPage":{"@id":"https:\/\/www.dascavives.com\/es\/la-finca\/#primaryimage"},"image":{"@id":"https:\/\/www.dascavives.com\/es\/la-finca\/#primaryimage"},"thumbnailUrl":"https:\/\/www.dascavives.com\/wp-content\/uploads\/2025\/04\/07-scaled.jpg","datePublished":"2025-04-04T09:41:52+00:00","dateModified":"2025-04-24T05:46:23+00:00","breadcrumb":{"@id":"https:\/\/www.dascavives.com\/es\/la-finca\/#breadcrumb"},"inLanguage":"es","potentialAction":[{"@type":"ReadAction","target":["https:\/\/www.dascavives.com\/es\/la-finca\/"]}]},{"@type":"ImageObject","inLanguage":"es","@id":"https:\/\/www.dascavives.com\/es\/la-finca\/#primaryimage","url":"https:\/\/www.dascavives.com\/wp-content\/uploads\/2025\/04\/07-scaled.jpg","contentUrl":"https:\/\/www.dascavives.com\/wp-content\/uploads\/2025\/04\/07-scaled.jpg"},{"@type":"BreadcrumbList","@id":"https:\/\/www.dascavives.com\/es\/la-finca\/#breadcrumb","itemListElement":[{"@type":"ListItem","position":1,"name":"Inici","item":"https:\/\/www.dascavives.com\/es\/"},{"@type":"ListItem","position":2,"name":"Finca biodin\u00e1mica"}]},{"@type":"WebSite","@id":"https:\/\/www.dascavives.com\/es\/#website","url":"https:\/\/www.dascavives.com\/es\/","name":"Dasca Vives - Agricultura ecol\u00f2gica","description":"Celler Dasca Vives. Agricultura ecol\u00f2gica.","publisher":{"@id":"https:\/\/www.dascavives.com\/es\/#organization"},"potentialAction":[{"@type":"SearchAction","target":{"@type":"EntryPoint","urlTemplate":"https:\/\/www.dascavives.com\/es\/?s={search_term_string}"},"query-input":{"@type":"PropertyValueSpecification","valueRequired":true,"valueName":"search_term_string"}}],"inLanguage":"es"},{"@type":"Organization","@id":"https:\/\/www.dascavives.com\/es\/#organization","name":"Dasca Vives - Agricultura ecol\u00f2gica","url":"https:\/\/www.dascavives.com\/es\/","logo":{"@type":"ImageObject","inLanguage":"es","@id":"https:\/\/www.dascavives.com\/es\/#\/schema\/logo\/image\/","url":"https:\/\/www.dascavives.com\/wp-content\/uploads\/2025\/04\/dasca-vives-logo-web.png","contentUrl":"https:\/\/www.dascavives.com\/wp-content\/uploads\/2025\/04\/dasca-vives-logo-web.png","width":300,"height":91,"caption":"Dasca Vives - Agricultura ecol\u00f2gica"},"image":{"@id":"https:\/\/www.dascavives.com\/es\/#\/schema\/logo\/image\/"},"sameAs":["https:\/\/www.instagram.com\/dascavives\/"]}]}},"_links":{"self":[{"href":"https:\/\/www.dascavives.com\/es\/wp-json\/wp\/v2\/pages\/886","targetHints":{"allow":["GET"]}}],"collection":[{"href":"https:\/\/www.dascavives.com\/es\/wp-json\/wp\/v2\/pages"}],"about":[{"href":"https:\/\/www.dascavives.com\/es\/wp-json\/wp\/v2\/types\/page"}],"author":[{"embeddable":true,"href":"https:\/\/www.dascavives.com\/es\/wp-json\/wp\/v2\/users\/1"}],"replies":[{"embeddable":true,"href":"https:\/\/www.dascavives.com\/es\/wp-json\/wp\/v2\/comments?post=886"}],"version-history":[{"count":0,"href":"https:\/\/www.dascavives.com\/es\/wp-json\/wp\/v2\/pages\/886\/revisions"}],"wp:attachment":[{"href":"https:\/\/www.dascavives.com\/es\/wp-json\/wp\/v2\/media?parent=886"}],"curies":[{"name":"wp","href":"https:\/\/api.w.org\/{rel}","templated":true}]}}